{"id":95,"date":"2014-07-30T10:37:59","date_gmt":"2014-07-30T09:37:59","guid":{"rendered":"http:\/\/www.ecolelacanopee.fr\/?page_id=95"},"modified":"2021-03-17T11:41:03","modified_gmt":"2021-03-17T10:41:03","slug":"horaires","status":"publish","type":"page","link":"https:\/\/www.ecolelacanopee.fr\/?page_id=95","title":{"rendered":"Horaires de l&rsquo;\u00e9cole"},"content":{"rendered":"<p><span style=\"color: #0000ff;\"><strong>Journ\u00e9e respectant le rythme biologique de l\u2019enfant\u00a0: une innovation <em>La Canop\u00e9e.<\/em> <\/strong><\/span><\/p>\n<p><span style=\"color: #0000ff;\"><em>La Canop\u00e9e<\/em> accueille ses \u00e9l\u00e8ves du lundi au vendredi, y compris le mercredi matin, en suivant le calendrier des vacances scolaires de l\u2019\u00c9ducation Nationale\u00a0:<\/span><\/p>\n<table width=\"680\">\n<tbody>\n<tr>\n<td width=\"196\"><span style=\"color: #0000ff;\"><strong>MATERNELLE \u00a0 \u00a0 \u00a0 \u00a0 \u00a0 \u00a0 \u00a0 \u00a0<\/strong><\/span><span style=\"color: #0000ff;\"><strong><em>Toute Petite, Petite et Moyenne Sections<\/em><\/strong><\/span><span style=\"color: #0000ff;\">\u00a0<\/span><\/td>\n<td width=\"491\">\n<ul>\n<li><span style=\"color: #0000ff;\">8h30\u00a0: Ouverture de l\u2019\u00e9cole<\/span><\/li>\n<li><span style=\"color: #0000ff;\">9h00\u00a0: D\u00e9but des cours\u00a0<\/span><\/li>\n<li><span style=\"color: #0000ff;\">10h30\u00a0: R\u00e9cr\u00e9ation<\/span><\/li>\n<li><span style=\"color: #0000ff;\">11h00 : Reprise des cours<\/span><\/li>\n<li><span style=\"color: #0000ff;\">12h00\u00a0: D\u00e9jeuner<\/span><\/li>\n<li><span style=\"color: #0000ff;\">12h45 : Sieste ou r\u00e9cr\u00e9ation (au cas par cas)<\/span><\/li>\n<li><span style=\"color: #0000ff;\">14h15 : Ateliers (Yoga, Musique, Arts plastiques,\u00a0Botanique, Cuisine, Sciences\u2026)<\/span><\/li>\n<li><span style=\"color: #0000ff;\">15h15\u00a0: Sortie<\/span><\/li>\n<\/ul>\n<\/td>\n<\/tr>\n<tr>\n<td width=\"196\"><span style=\"color: #0000ff;\"><strong>MATERNELLE \u00a0 \u00a0 \u00a0\u00a0<\/strong><\/span><span style=\"color: #0000ff;\"><strong> G<\/strong><\/span><span style=\"color: #0000ff;\"><strong><em>rande Section<\/em><\/strong><\/span><span style=\"color: #0000ff;\"><strong><br \/>\n<\/strong><\/span><\/td>\n<td width=\"491\">\n<ul>\n<li><span style=\"color: #0000ff;\">8h30\u00a0: Ouverture de l\u2019\u00e9cole<\/span><\/li>\n<li><span style=\"color: #0000ff;\">9h00\u00a0: D\u00e9but des cours\u00a0<\/span><\/li>\n<li><span style=\"color: #0000ff;\">10h30\u00a0: R\u00e9cr\u00e9ation<\/span><\/li>\n<li><span style=\"color: #0000ff;\">11h00 : Reprise des cours<\/span><\/li>\n<li><span style=\"color: #0000ff;\">12h00\u00a0: D\u00e9jeuner<\/span><\/li>\n<li><span style=\"color: #0000ff;\">12h45 : Sieste ou R\u00e9cr\u00e9ation (au cas par cas)<\/span><\/li>\n<li><span style=\"color: #0000ff;\">13h30 : Ateliers (Yoga, Capoeira, Musique, Arts plastiques,\u00a0Botanique, Cuisine, Sciences\u2026)<\/span><\/li>\n<li><span style=\"color: #0000ff;\">14h30 : Reprise des cours<\/span><\/li>\n<li><span style=\"color: #0000ff;\">16h30 : Sortie<\/span><\/li>\n<\/ul>\n<\/td>\n<\/tr>\n<tr>\n<td width=\"196\"><span style=\"color: #0000ff;\"><strong>ELEMENTAIRE<br \/>\n<\/strong><\/span><span style=\"color: #0000ff;\">\u00a0<\/span><\/td>\n<td width=\"491\">\n<ul>\n<li><span style=\"color: #0000ff;\">8h30\u00a0: Ouverture de l\u2019\u00e9cole<\/span><\/li>\n<li><span style=\"color: #0000ff;\">9h00\u00a0: D\u00e9but des cours\u00a0<\/span><\/li>\n<li><span style=\"color: #0000ff;\">10h30\u00a0: R\u00e9cr\u00e9ation<\/span><\/li>\n<li><span style=\"color: #0000ff;\">11h00\u00a0: Reprise des cours<\/span><\/li>\n<li><span style=\"color: #0000ff;\">12h00 : D\u00e9jeuner<\/span><\/li>\n<li><span style=\"color: #0000ff;\">12h45\u00a0: Sieste ou R\u00e9cr\u00e9ation (au cas par cas)<\/span><\/li>\n<li><span style=\"color: #0000ff;\">13h30 : Ateliers (Yoga, Capoeira, Musique, Arts plastiques, Botanique, Cuisine, Sciences\u2026)<\/span><\/li>\n<li><span style=\"color: #0000ff;\">14h30 : Reprise des cours<\/span><\/li>\n<li><span style=\"color: #0000ff;\">16h30\u00a0: Sortie<\/span><\/li>\n<\/ul>\n<\/td>\n<\/tr>\n<\/tbody>\n<\/table>\n<p><span style=\"color: #ff00ff;\"><strong>A day that respects the biological rhythm of the children &#8211; an innovation at <em>La Canop\u00e9e.<\/em><\/strong><\/span><\/p>\n<p><span style=\"color: #ff00ff;\"><em>La Canop\u00e9e<\/em> welcomes children from Monday to Friday, including Wednesday mornings, following the holiday timetable of the Education Nationale.<\/span><\/p>\n<table width=\"680\">\n<tbody>\n<tr>\n<td width=\"196\"><span style=\"color: #ff00ff;\"><strong>INFANTS <\/strong><\/span><span style=\"color: #ff00ff;\"><strong>NURSERY<\/strong><\/span><span style=\"color: #ff00ff;\">\u00a0<\/span><\/td>\n<td width=\"491\">\n<ul>\n<li><span style=\"color: #ff00ff;\">8:30: School opens<\/span><\/li>\n<li><span style=\"color: #ff00ff;\">9:00: Lessons begin\u00a0<\/span><\/li>\n<li><span style=\"color: #ff00ff;\">10:30: Playtime<\/span><\/li>\n<li><span style=\"color: #ff00ff;\">11:00: Lessons continue<\/span><\/li>\n<li><span style=\"color: #ff00ff;\">12:00: Lunch<\/span><\/li>\n<li><span style=\"color: #ff00ff;\">12:45: Nap or playtime<\/span><\/li>\n<li><span style=\"color: #ff00ff;\">14:15: Workshops (Yoga, Music, Art, Gardening, Cooking, Science)<\/span><\/li>\n<li><span style=\"color: #ff00ff;\">15:15: Hometime<\/span><\/li>\n<\/ul>\n<\/td>\n<\/tr>\n<tr>\n<td width=\"196\"><span style=\"color: #ff00ff;\"><strong>INFANTS <\/strong><\/span><span style=\"color: #ff00ff;\"><strong><em>YEAR 1<\/em><\/strong><\/span><span style=\"color: #ff00ff;\"><strong>\u00a0<\/strong><\/span><\/td>\n<td width=\"491\">\n<ul>\n<li><span style=\"color: #ff00ff;\">8:30: School opens<\/span><\/li>\n<li><span style=\"color: #ff00ff;\">9:00: Lessons begin\u00a0<\/span><\/li>\n<li><span style=\"color: #ff00ff;\">10:30: Playtime<\/span><\/li>\n<li><span style=\"color: #ff00ff;\">11:00: Lessons continue<\/span><\/li>\n<li><span style=\"color: #ff00ff;\">12:00: Lunch<\/span><\/li>\n<li><span style=\"color: #ff00ff;\">12:45: Nap or playtime<\/span><\/li>\n<li><span style=\"color: #ff00ff;\">13:30: Workshops (Yoga, Capoeira, Music, Art, Gardening, \u00a0Cooking, Science)<\/span><\/li>\n<li><span style=\"color: #ff00ff;\">14:30: Lessons continue<\/span><\/li>\n<li><span style=\"color: #ff00ff;\">16:30: Hometime<\/span><\/li>\n<\/ul>\n<\/td>\n<\/tr>\n<tr>\n<td width=\"196\"><span style=\"color: #ff00ff;\"><strong>PRIMARY\u00a0<\/strong><\/span><span style=\"color: #ff00ff;\"><strong>YEAR 2 ONWARDS<\/strong><\/span><\/td>\n<td width=\"491\">\n<ul>\n<li><span style=\"color: #ff00ff;\">8:30: School opens<\/span><\/li>\n<li><span style=\"color: #ff00ff;\">9:00: Lessons begin\u00a0<\/span><\/li>\n<li><span style=\"color: #ff00ff;\">10:30: Playtime<\/span><\/li>\n<li><span style=\"color: #ff00ff;\">11:00: Lessons continue<\/span><\/li>\n<li><span style=\"color: #ff00ff;\">12:00: Lunch<\/span><\/li>\n<li><span style=\"color: #ff00ff;\">12:45: Nap or playtime<\/span><\/li>\n<li><span style=\"color: #ff00ff;\">13:30: Workshops (Yoga, Capoeira, Music, Art, Gardening, Cooking, Science)<\/span><\/li>\n<li><span style=\"color: #ff00ff;\">14:30: Lessons continue<\/span><\/li>\n<li><span style=\"color: #ff00ff;\">16:30: Hometime<\/span><\/li>\n<\/ul>\n<\/td>\n<\/tr>\n<\/tbody>\n<\/table>\n","protected":false},"excerpt":{"rendered":"<p>Journ\u00e9e respectant le rythme biologique de l\u2019enfant\u00a0: une innovation La Canop\u00e9e. La Canop\u00e9e accueille ses \u00e9l\u00e8ves du lundi au vendredi, y compris le mercredi matin, en suivant le calendrier des vacances scolaires de l\u2019\u00c9ducation Nationale\u00a0: MATERNELLE \u00a0 \u00a0 \u00a0 \u00a0 \u00a0 \u00a0 \u00a0 \u00a0Toute Petite, Petite et Moyenne Sections\u00a0 8h30\u00a0: Ouverture de l\u2019\u00e9cole 9h00\u00a0: D\u00e9but [&hellip;]<\/p>\n","protected":false},"author":2,"featured_media":0,"parent":0,"menu_order":13,"comment_status":"open","ping_status":"open","template":"","meta":[],"_links":{"self":[{"href":"https:\/\/www.ecolelacanopee.fr\/index.php?rest_route=\/wp\/v2\/pages\/95"}],"collection":[{"href":"https:\/\/www.ecolelacanopee.fr\/index.php?rest_route=\/wp\/v2\/pages"}],"about":[{"href":"https:\/\/www.ecolelacanopee.fr\/index.php?rest_route=\/wp\/v2\/types\/page"}],"author":[{"embeddable":true,"href":"https:\/\/www.ecolelacanopee.fr\/index.php?rest_route=\/wp\/v2\/users\/2"}],"replies":[{"embeddable":true,"href":"https:\/\/www.ecolelacanopee.fr\/index.php?rest_route=%2Fwp%2Fv2%2Fcomments&post=95"}],"version-history":[{"count":0,"href":"https:\/\/www.ecolelacanopee.fr\/index.php?rest_route=\/wp\/v2\/pages\/95\/revisions"}],"wp:attachment":[{"href":"https:\/\/www.ecolelacanopee.fr\/index.php?rest_route=%2Fwp%2Fv2%2Fmedia&parent=95"}],"curies":[{"name":"wp","href":"https:\/\/api.w.org\/{rel}","templated":true}]}}